{"id":1192,"date":"2022-10-25T15:57:46","date_gmt":"2022-10-25T13:57:46","guid":{"rendered":"https:\/\/ajl-asso.fr\/la-martiniere\/?page_id=1192"},"modified":"2022-10-26T17:01:09","modified_gmt":"2022-10-26T15:01:09","slug":"fiches-pratiques","status":"publish","type":"page","link":"https:\/\/ajl-asso.fr\/la-martiniere\/nepale\/documents-et-liens\/fiches-pratiques\/","title":{"rendered":"Fiches pratiques"},"content":{"rendered":"\n<p>Vous trouverez sur cette page des fiches pratiques \u00e0 t\u00e9l\u00e9charger destin\u00e9es \u00e0 vous informer et \u00e0 vous aider. Ces fiches sont class\u00e9es par cat\u00e9gories :<\/p>\n\n\n\n<p><strong>Aidants \u2022&nbsp;Aides concernant le quotidien \u2022 Aides financi\u00e8res pour le maintien \u00e0 domicile \u2022 D\u00e9c\u00e8s \u2022 Diff\u00e9rents types de lieux de vie&nbsp;\u2022 Protection des personnes vuln\u00e9rables&nbsp;\u2022 Retraite \u2022 Sant\u00e9 \u2022 Transports<\/strong><\/p>\n\n\n\n<h2 class=\"has-white-color has-cyan-bluish-gray-background-color has-text-color has-background has-x-large-font-size\">Aidants<\/h2>\n\n\n\n<div class=\"wp-container-3 wp-block-columns\">\n<div class=\"wp-container-1 wp-block-column\">\n<h3><a href=\"https:\/\/ajl-asso.fr\/wp-content\/uploads\/sites\/4\/2022\/10\/01-DROIT-AU-REPIT.pdf\" target=\"_blank\" rel=\"noreferrer noopener\">Fiche pratique : Le droit au r\u00e9pit<\/a><\/h3>\n\n\n\n<p><strong>Auteur(s):<\/strong> CLIC ESSONNE NORD EST<br><strong>Date:<\/strong> 2022&nbsp;\u2022 <strong>Type:<\/strong> PDF \u2022 <strong>Poids:<\/strong> 155 Ko<\/p>\n<\/div>\n\n\n\n<div class=\"wp-container-2 wp-block-column\">\n<h3><a href=\"https:\/\/ajl-asso.fr\/wp-content\/uploads\/sites\/4\/2022\/10\/02-DIFFERENTS-TYPES-DE-CONGES.pdf\" target=\"_blank\" rel=\"noreferrer noopener\">Fiche pratique : Les diff\u00e9rents types de cong\u00e9s<\/a><\/h3>\n\n\n\n<p><strong>Auteur(s):<\/strong> CLIC ESSONNE NORD EST<br><strong>Date:<\/strong> 2022&nbsp;\u2022 <strong>Type:<\/strong> PDF \u2022 <strong>Poids:<\/strong> 187 Ko<\/p>\n<\/div>\n<\/div>\n\n\n\n<h3><a href=\"https:\/\/ajl-asso.fr\/wp-content\/uploads\/sites\/4\/2022\/10\/03-PLATEFORME-DACCOMPAGNEMENT-ET-DE-REPIT.pdf\" target=\"_blank\" rel=\"noreferrer noopener\">Fiche pratique : Plateforme d&rsquo;accompagnement et de r\u00e9pit<\/a><\/h3>\n\n\n\n<p><strong>Auteur(s):<\/strong> CLIC ESSONNE NORD EST<\/p>\n\n\n\n<p><strong>Date:<\/strong> 2022&nbsp;\u2022 <strong>Type:<\/strong> PDF \u2022 <strong>Poids:<\/strong> 136 Ko<\/p>\n\n\n\n<h2 class=\"has-white-color has-cyan-bluish-gray-background-color has-text-color has-background has-x-large-font-size\">Aides concernant le quotidien<\/h2>\n\n\n\n<p><\/p>\n\n\n\n<div class=\"wp-container-6 wp-block-columns\">\n<div class=\"wp-container-4 wp-block-column\">\n<h3><a href=\"https:\/\/ajl-asso.fr\/wp-content\/uploads\/sites\/4\/2022\/10\/04-ACCUEIL-DE-JOUR.pdf\" target=\"_blank\" rel=\"noreferrer noopener\">Fiche pratique : Accueil de jour<\/a><\/h3>\n\n\n\n<p><strong>Auteur(s):<\/strong> CLIC ESSONNE NORD EST<br><strong>Date:<\/strong> 2021&nbsp;\u2022 <strong>Type:<\/strong> PDF \u2022 <strong>Poids:<\/strong> 155 Ko<\/p>\n<\/div>\n\n\n\n<div class=\"wp-container-5 wp-block-column\">\n<h3><a href=\"https:\/\/ajl-asso.fr\/wp-content\/uploads\/sites\/4\/2022\/10\/05-AMENAGEMENT-LOGEMENT-ET-AIDES-TECHNIQUES.pdf\" target=\"_blank\" rel=\"noreferrer noopener\">Fiche pratique : Am\u00e9nagement logement et aides techniques<\/a><\/h3>\n\n\n\n<p><strong>Auteur(s):<\/strong> CLIC ESSONNE NORD EST<br><strong>Date:<\/strong> 2021&nbsp;\u2022 <strong>Type:<\/strong> PDF \u2022 <strong>Poids:<\/strong> 231 Ko<\/p>\n<\/div>\n<\/div>\n\n\n\n<div class=\"wp-container-9 wp-block-columns\">\n<div class=\"wp-container-7 wp-block-column\">\n<h3><a href=\"https:\/\/ajl-asso.fr\/wp-content\/uploads\/sites\/4\/2022\/10\/06-DIFF-SYSTEMES-DAIDE-A-DOM.pdf\" target=\"_blank\" rel=\"noreferrer noopener\">Fiche pratique : Diff\u00e9rents syst\u00e8mes d\u2019aide \u00e0 domicile<\/a><\/h3>\n\n\n\n<p><strong>Auteur(s):<\/strong> CLIC ESSONNE NORD EST<br><strong>Date:<\/strong> 2021&nbsp;\u2022 <strong>Type:<\/strong> PDF \u2022 <strong>Poids:<\/strong> 177 Ko<\/p>\n<\/div>\n\n\n\n<div class=\"wp-container-8 wp-block-column\">\n<h3><a href=\"https:\/\/ajl-asso.fr\/wp-content\/uploads\/sites\/4\/2022\/10\/07-PORTAGE-REPAS.pdf\" target=\"_blank\" rel=\"noreferrer noopener\">Fiche pratique : portage de repas<\/a><\/h3>\n\n\n\n<p><strong>Auteur(s):<\/strong> CLIC ESSONNE NORD EST<br><strong>Date:<\/strong> 2021&nbsp;\u2022 <strong>Type:<\/strong> PDF \u2022 <strong>Poids:<\/strong> 127 Ko<\/p>\n<\/div>\n<\/div>\n\n\n\n<h3><a href=\"https:\/\/ajl-asso.fr\/wp-content\/uploads\/sites\/4\/2022\/10\/08-TELEASSISTANCE.pdf\" target=\"_blank\" rel=\"noreferrer noopener\">Fiche pratique : T\u00e9l\u00e9assistance<\/a><\/h3>\n\n\n\n<p><strong>Auteur(s):<\/strong> CLIC ESSONNE NORD EST<br><strong>Date:<\/strong> 2021&nbsp;\u2022 <strong>Type:<\/strong> PDF \u2022 <strong>Poids:<\/strong> 170 Ko<\/p>\n\n\n\n<h2 class=\"has-white-color has-cyan-bluish-gray-background-color has-text-color has-background has-x-large-font-size\">Aides financi\u00e8res pour le maintien \u00e0 domicile<\/h2>\n\n\n\n<div class=\"wp-container-12 wp-block-columns\">\n<div class=\"wp-container-10 wp-block-column\">\n<h3><a href=\"https:\/\/ajl-asso.fr\/wp-content\/uploads\/sites\/4\/2022\/10\/09-AIDE-SOCIALE-.pdf\" target=\"_blank\" rel=\"noreferrer noopener\">Fiche pratique : aide sociale<\/a><\/h3>\n\n\n\n<p><strong>Auteur(s):<\/strong> CLIC ESSONNE NORD EST<br><strong>Date:<\/strong> 2022&nbsp;\u2022 <strong>Type:<\/strong> PDF \u2022 <strong>Poids:<\/strong> 168 Ko<\/p>\n<\/div>\n\n\n\n<div class=\"wp-container-11 wp-block-column\">\n<h3><a href=\"https:\/\/ajl-asso.fr\/wp-content\/uploads\/sites\/4\/2022\/10\/10-AIDES-AU-LOGEMENT.pdf\" target=\"_blank\" rel=\"noreferrer noopener\">Fiche pratique : Aides au logement<\/a><\/h3>\n\n\n\n<p><strong>Auteur(s):<\/strong> CLIC ESSONNE NORD EST<br><strong>Date:<\/strong> 2021&nbsp;\u2022 <strong>Type:<\/strong> PDF \u2022 <strong>Poids:<\/strong> 148 Ko<\/p>\n<\/div>\n<\/div>\n\n\n\n<div class=\"wp-container-15 wp-block-columns\">\n<div class=\"wp-container-13 wp-block-column\">\n<h3><a href=\"https:\/\/ajl-asso.fr\/wp-content\/uploads\/sites\/4\/2022\/10\/11-A.P.A-.pdf\" target=\"_blank\" rel=\"noreferrer noopener\">Fiche pratique : APA<\/a><\/h3>\n\n\n\n<p><strong>Auteur(s):<\/strong> CLIC ESSONNE NORD EST<br><strong>Date:<\/strong> 2022&nbsp;\u2022 <strong>Type:<\/strong> PDF \u2022 <strong>Poids:<\/strong> 169 Ko<\/p>\n<\/div>\n\n\n\n<div class=\"wp-container-14 wp-block-column\">\n<h3><a href=\"https:\/\/ajl-asso.fr\/wp-content\/uploads\/sites\/4\/2022\/10\/12-ARDH-.pdf\" target=\"_blank\" rel=\"noreferrer noopener\">Fiche pratique : ARDH<\/a><\/h3>\n\n\n\n<p><strong>Auteur(s):<\/strong> CLIC ESSONNE NORD EST<br><strong>Date:<\/strong> 2022&nbsp;\u2022 <strong>Type:<\/strong> PDF \u2022 <strong>Poids:<\/strong> 132 Ko<\/p>\n<\/div>\n<\/div>\n\n\n\n<div class=\"wp-container-18 wp-block-columns\">\n<div class=\"wp-container-16 wp-block-column\">\n<h3><a href=\"https:\/\/ajl-asso.fr\/wp-content\/uploads\/sites\/4\/2022\/10\/13-ASIR-.pdf\" target=\"_blank\" rel=\"noreferrer noopener\">Fiche pratique : ASIR<\/a><\/h3>\n\n\n\n<p><strong>Auteur(s):<\/strong> CLIC ESSONNE NORD EST<br><strong>Date:<\/strong> 2022&nbsp;\u2022 <strong>Type:<\/strong> PDF \u2022 <strong>Poids:<\/strong> 131 Ko<\/p>\n<\/div>\n\n\n\n<div class=\"wp-container-17 wp-block-column\">\n<h3><a href=\"https:\/\/ajl-asso.fr\/wp-content\/uploads\/sites\/4\/2022\/10\/14-CNAV-BIEN-VIEILLIR.pdf\" target=\"_blank\" rel=\"noreferrer noopener\">Fiche pratique : Dossier bien vieillir<\/a><\/h3>\n\n\n\n<p><strong>Auteur(s):<\/strong> CLIC ESSONNE NORD EST<br><strong>Date:<\/strong> 2022&nbsp;\u2022 <strong>Type:<\/strong> PDF \u2022 <strong>Poids:<\/strong> 121 Ko<\/p>\n<\/div>\n<\/div>\n\n\n\n<h3><a href=\"https:\/\/ajl-asso.fr\/wp-content\/uploads\/sites\/4\/2022\/10\/15-MTP-.pdf\" target=\"_blank\" rel=\"noreferrer noopener\">Fiche pratique : Majoration Tierce Personne<\/a><\/h3>\n\n\n\n<p><strong>Auteur(s):<\/strong> CLIC ESSONNE NORD EST<\/p>\n\n\n\n<p><strong>Date:<\/strong> 2022&nbsp;\u2022 <strong>Type:<\/strong> PDF \u2022 <strong>Poids:<\/strong> 112 Ko<\/p>\n\n\n\n<h2 class=\"has-white-color has-cyan-bluish-gray-background-color has-text-color has-background has-x-large-font-size\">D\u00e9c\u00e8s<\/h2>\n\n\n\n<div class=\"wp-container-21 wp-block-columns\">\n<div class=\"wp-container-19 wp-block-column\">\n<h3><a href=\"https:\/\/ajl-asso.fr\/wp-content\/uploads\/sites\/4\/2022\/10\/16-AIDES-FINANCIERES-OBSEQUES.pdf\" target=\"_blank\" rel=\"noreferrer noopener\">Fiche pratique : Aides financi\u00e8res obs\u00e8ques<\/a><\/h3>\n\n\n\n<p><strong>Auteur(s):<\/strong> CLIC ESSONNE NORD EST<br><strong>Date:<\/strong> 2022&nbsp;\u2022 <strong>Type:<\/strong> PDF \u2022 <strong>Poids:<\/strong> 161 Ko<\/p>\n<\/div>\n\n\n\n<div class=\"wp-container-20 wp-block-column\">\n<h3><a href=\"https:\/\/ajl-asso.fr\/wp-content\/uploads\/sites\/4\/2022\/10\/17-ASSOCIATION-DAIDE-AU-DEUIL.pdf\" target=\"_blank\" rel=\"noreferrer noopener\">Fiche pratique : Association d&rsquo;aide aux personnes endeuill\u00e9es<\/a><\/h3>\n\n\n\n<p><strong>Auteur(s):<\/strong> CLIC ESSONNE NORD EST<br><strong>Date:<\/strong> 2022&nbsp;\u2022 <strong>Type:<\/strong> PDF \u2022 <strong>Poids:<\/strong> 133 Ko<\/p>\n<\/div>\n<\/div>\n\n\n\n<div class=\"wp-container-24 wp-block-columns\">\n<div class=\"wp-container-22 wp-block-column\">\n<h3><a href=\"https:\/\/ajl-asso.fr\/wp-content\/uploads\/sites\/4\/2022\/10\/18-PREMIERES-DEMARCHES-A-EFFECTUER-SUITE-A-UN-DECES.pdf\" target=\"_blank\" rel=\"noreferrer noopener\">Fiche pratique : les premi\u00e8res d\u00e9marches<\/a><\/h3>\n\n\n\n<p><strong>Auteur(s):<\/strong> CLIC ESSONNE NORD EST<br><strong>Date:<\/strong> 2022&nbsp;\u2022 <strong>Type:<\/strong> PDF \u2022 <strong>Poids:<\/strong> 170 Ko<\/p>\n<\/div>\n\n\n\n<div class=\"wp-container-23 wp-block-column\">\n<h3><a href=\"https:\/\/ajl-asso.fr\/wp-content\/uploads\/sites\/4\/2022\/10\/19-TRANSMETTRE-LINFORMATION-DU-DECES.pdf\" target=\"_blank\" rel=\"noreferrer noopener\">Fiche pratique : Transmettre l&rsquo;information du d\u00e9c\u00e8s<\/a><\/h3>\n\n\n\n<p><strong>Auteur(s):<\/strong> CLIC ESSONNE NORD EST<br><strong>Date:<\/strong> 2022&nbsp;\u2022 <strong>Type:<\/strong> PDF \u2022 <strong>Poids:<\/strong> 192 Ko<\/p>\n<\/div>\n<\/div>\n\n\n\n<h2 class=\"has-white-color has-cyan-bluish-gray-background-color has-text-color has-background has-x-large-font-size\">Diff\u00e9rents types de lieux de vie<\/h2>\n\n\n\n<div class=\"wp-container-27 wp-block-columns\">\n<div class=\"wp-container-25 wp-block-column\">\n<h3><a href=\"https:\/\/ajl-asso.fr\/wp-content\/uploads\/sites\/4\/2022\/10\/20-ACCUEIL-TEMPORAIRE.pdf\" target=\"_blank\" rel=\"noreferrer noopener\">Fiche pratique : Accueil temporaire<\/a><\/h3>\n\n\n\n<p><strong>Auteur(s):<\/strong> CLIC ESSONNE NORD EST<br><strong>Date:<\/strong> 2021&nbsp;\u2022 <strong>Type:<\/strong> PDF \u2022 <strong>Poids:<\/strong> 119 Ko<\/p>\n<\/div>\n\n\n\n<div class=\"wp-container-26 wp-block-column\">\n<h3><a href=\"https:\/\/ajl-asso.fr\/wp-content\/uploads\/sites\/4\/2022\/10\/21-E-H-P-A-D.pdf\" target=\"_blank\" rel=\"noreferrer noopener\">Fiche pratique : EHPAD<\/a><\/h3>\n\n\n\n<p><strong>Auteur(s):<\/strong> CLIC ESSONNE NORD EST<br><strong>Date:<\/strong> 2021&nbsp;\u2022 <strong>Type:<\/strong> PDF \u2022 <strong>Poids:<\/strong> 137 Ko<\/p>\n<\/div>\n<\/div>\n\n\n\n<div class=\"wp-container-30 wp-block-columns\">\n<div class=\"wp-container-28 wp-block-column\">\n<h3><a href=\"https:\/\/ajl-asso.fr\/wp-content\/uploads\/sites\/4\/2022\/10\/22-RESIDENCE-AUTONOMIE.pdf\" target=\"_blank\" rel=\"noreferrer noopener\">Fiche pratique : r\u00e9sidence autonomie<\/a><\/h3>\n\n\n\n<p><strong>Auteur(s):<\/strong> CLIC ESSONNE NORD EST<br><strong>Date:<\/strong> 2021&nbsp;\u2022 <strong>Type:<\/strong> PDF \u2022 <strong>Poids:<\/strong> 123 Ko<\/p>\n<\/div>\n\n\n\n<div class=\"wp-container-29 wp-block-column\">\n<h3><a href=\"https:\/\/ajl-asso.fr\/wp-content\/uploads\/sites\/4\/2022\/10\/23-RESIDENCE-SERVICE.pdf\" target=\"_blank\" rel=\"noreferrer noopener\">Fiche pratique : r\u00e9sidence service<\/a><\/h3>\n\n\n\n<p><strong>Auteur(s):<\/strong> CLIC ESSONNE NORD EST<br><strong>Date:<\/strong> 2021&nbsp;\u2022 <strong>Type:<\/strong> PDF \u2022 <strong>Poids:<\/strong> 117 Ko<\/p>\n<\/div>\n<\/div>\n\n\n\n<h2 class=\"has-white-color has-cyan-bluish-gray-background-color has-text-color has-background has-x-large-font-size\">Protection des personnes vuln\u00e9rables<\/h2>\n\n\n\n<div class=\"wp-container-33 wp-block-columns\">\n<div class=\"wp-container-31 wp-block-column\">\n<h3><a href=\"https:\/\/ajl-asso.fr\/wp-content\/uploads\/sites\/4\/2022\/10\/24-N\u00b03977.pdf\" target=\"_blank\" rel=\"noreferrer noopener\">Fiche pratique : 3977<\/a><\/h3>\n\n\n\n<p><strong>Auteur(s):<\/strong> CLIC<br><strong>Date:<\/strong> 2022&nbsp;\u2022 <strong>Type:<\/strong> PDF \u2022 <strong>Poids:<\/strong> 126 Ko<\/p>\n<\/div>\n\n\n\n<div class=\"wp-container-32 wp-block-column\">\n<h3><a href=\"https:\/\/ajl-asso.fr\/wp-content\/uploads\/sites\/4\/2022\/10\/25-C-R-I-P-P-A-V.pdf\" target=\"_blank\" rel=\"noreferrer noopener\">Fiche pratique : CRIPPAV<\/a><\/h3>\n\n\n\n<p><strong>Auteur(s):<\/strong> CLIC<br><strong>Date:<\/strong> 2022&nbsp;\u2022 <strong>Type:<\/strong> PDF \u2022 <strong>Poids:<\/strong> 154 Ko<\/p>\n<\/div>\n<\/div>\n\n\n\n<div class=\"wp-container-36 wp-block-columns\">\n<div class=\"wp-container-34 wp-block-column\">\n<h3><a href=\"https:\/\/ajl-asso.fr\/wp-content\/uploads\/sites\/4\/2022\/10\/26-HF.pdf\" target=\"_blank\" rel=\"noreferrer noopener\">Fiche pratique : Habilitation familiale<\/a><\/h3>\n\n\n\n<p><strong>Auteur(s):<\/strong> CLIC<br><strong>Date:<\/strong> 2022&nbsp;\u2022 <strong>Type:<\/strong> PDF \u2022 <strong>Poids:<\/strong> 162 Ko<\/p>\n<\/div>\n\n\n\n<div class=\"wp-container-35 wp-block-column\">\n<h3><a href=\"https:\/\/ajl-asso.fr\/wp-content\/uploads\/sites\/4\/2022\/10\/27-HOSPI-SANS-CONSENTEMENT.pdf\" target=\"_blank\" rel=\"noreferrer noopener\">Fiche pratique : Hospitalisation sans consentement<\/a><\/h3>\n\n\n\n<p><strong>Auteur(s):<\/strong> CLIC<br><strong>Date:<\/strong> 2022&nbsp;\u2022 <strong>Type:<\/strong> PDF \u2022 <strong>Poids:<\/strong> 174 Ko<\/p>\n<\/div>\n<\/div>\n\n\n\n<div class=\"wp-container-39 wp-block-columns\">\n<div class=\"wp-container-37 wp-block-column\">\n<h3><a href=\"https:\/\/ajl-asso.fr\/wp-content\/uploads\/sites\/4\/2022\/10\/28-MANDAT-DE-PROTEC-FUTURE.pdf\" target=\"_blank\" rel=\"noreferrer noopener\">Fiche pratique : Mandat de protection future<\/a><\/h3>\n\n\n\n<p><strong>Auteur(s):<\/strong> CLIC<br><strong>Date:<\/strong> 2022&nbsp;\u2022 <strong>Type:<\/strong> PDF \u2022 <strong>Poids:<\/strong> 146 Ko<\/p>\n<\/div>\n\n\n\n<div class=\"wp-container-38 wp-block-column\">\n<h3><a href=\"https:\/\/ajl-asso.fr\/wp-content\/uploads\/sites\/4\/2022\/10\/29-MDP.pdf\" target=\"_blank\" rel=\"noreferrer noopener\">Fiche pratique : Mesure de protection<\/a><\/h3>\n\n\n\n<p><strong>Auteur(s):<\/strong> CLIC<br><strong>Date:<\/strong> 2022&nbsp;\u2022 <strong>Type:<\/strong> PDF \u2022 <strong>Poids:<\/strong> 153 Ko<\/p>\n<\/div>\n<\/div>\n\n\n\n<p><\/p>\n\n\n\n<h2 class=\"has-white-color has-cyan-bluish-gray-background-color has-text-color has-background has-x-large-font-size\">Retraite<\/h2>\n\n\n\n<div class=\"wp-container-42 wp-block-columns\">\n<div class=\"wp-container-40 wp-block-column\">\n<h3><a href=\"https:\/\/ajl-asso.fr\/wp-content\/uploads\/sites\/4\/2022\/10\/30-LASPA.pdf\" target=\"_blank\" rel=\"noreferrer noopener\">Fiche pratique : ASPA (Allocation de Solidarit\u00e9 Personnes Ag\u00e9es)<\/a><\/h3>\n\n\n\n<p><strong>Auteur(s):<\/strong> CLIC<br><strong>Date:<\/strong> 2022&nbsp;\u2022 <strong>Type:<\/strong> PDF \u2022 <strong>Poids:<\/strong> 143 Ko<\/p>\n<\/div>\n\n\n\n<div class=\"wp-container-41 wp-block-column\">\n<h3><a href=\"https:\/\/ajl-asso.fr\/wp-content\/uploads\/sites\/4\/2022\/10\/31-RETRAITE.pdf\" target=\"_blank\" rel=\"noreferrer noopener\">Fiche pratique : demande de retraite<\/a><\/h3>\n\n\n\n<p><strong>Auteur(s):<\/strong> CLIC<br><strong>Date:<\/strong> 2022&nbsp;\u2022 <strong>Type:<\/strong> PDF \u2022 <strong>Poids:<\/strong> 160 Ko<\/p>\n<\/div>\n<\/div>\n\n\n\n<h2 class=\"has-white-color has-cyan-bluish-gray-background-color has-text-color has-background has-x-large-font-size\">Sant\u00e9<\/h2>\n\n\n\n<div class=\"wp-container-45 wp-block-columns\">\n<div class=\"wp-container-43 wp-block-column\">\n<h3><a href=\"https:\/\/ajl-asso.fr\/wp-content\/uploads\/sites\/4\/2022\/10\/32-CONSULTATION-MEMOIRE.pdf\" target=\"_blank\" rel=\"noreferrer noopener\">Fiche Pratique : Consultation m\u00e9moire<\/a><\/h3>\n\n\n\n<p><strong>Auteur(s):<\/strong> CLIC ESSONNE NORD EST<br><strong>Date:<\/strong> 2022&nbsp;\u2022 <strong>Type:<\/strong> PDF \u2022 <strong>Poids:<\/strong> 119 Ko<\/p>\n<\/div>\n\n\n\n<div class=\"wp-container-44 wp-block-column\">\n<h3><a href=\"https:\/\/ajl-asso.fr\/wp-content\/uploads\/sites\/4\/2022\/10\/33-HOPITAL-DE-JOUR.pdf\" target=\"_blank\" rel=\"noreferrer noopener\">Fiche Pratique : H\u00f4pital de jour<\/a><\/h3>\n\n\n\n<p><strong>Auteur(s):<\/strong> CLIC ESSONNE NORD EST<br><strong>Date:<\/strong> 2022&nbsp;\u2022 <strong>Type:<\/strong> PDF \u2022 <strong>Poids:<\/strong> 127 Ko<\/p>\n<\/div>\n<\/div>\n\n\n\n<h3><a href=\"https:\/\/ajl-asso.fr\/wp-content\/uploads\/sites\/4\/2022\/10\/34-HOSPITALISATION-A-DOMICILE.pdf\" target=\"_blank\" rel=\"noreferrer noopener\">Fiche pratique: Hospitalisation \u00e0 domicile<\/a><\/h3>\n\n\n\n<p><strong>Auteur(s):<\/strong> CLIC ESSONNE NORD EST<br><strong>Date:<\/strong> 2022&nbsp;\u2022 <strong>Type:<\/strong> PDF \u2022 <strong>Poids:<\/strong> 118 Ko<\/p>\n\n\n\n<h2 class=\"has-white-color has-cyan-bluish-gray-background-color has-text-color has-background has-x-large-font-size\">Transports<\/h2>\n\n\n\n<div class=\"wp-container-48 wp-block-columns\">\n<div class=\"wp-container-46 wp-block-column\">\n<h3><a href=\"https:\/\/ajl-asso.fr\/wp-content\/uploads\/sites\/4\/2022\/10\/35-BS-VSL-ET-AMBULANCES.pdf\" target=\"_blank\" rel=\"noreferrer noopener\">Fiche pratique : Bon de transports VSL et ambulances<\/a><\/h3>\n\n\n\n<p><strong>Auteur(s):<\/strong> CLIC<br><strong>Date:<\/strong> 2022&nbsp;\u2022 <strong>Type:<\/strong> PDF \u2022 <strong>Poids:<\/strong> 154 Ko<\/p>\n<\/div>\n\n\n\n<div class=\"wp-container-47 wp-block-column\">\n<h3><a href=\"https:\/\/ajl-asso.fr\/wp-content\/uploads\/sites\/4\/2022\/10\/36-CHEQUES-TAXIS.pdf\" target=\"_blank\" rel=\"noreferrer noopener\">Fiche pratique : Ch\u00e8ques taxis<\/a><\/h3>\n\n\n\n<p><strong>Auteur(s):<\/strong> CLIC<br><strong>Date:<\/strong> 2022&nbsp;\u2022 <strong>Type:<\/strong> PDF \u2022 <strong>Poids:<\/strong> 181 Ko<\/p>\n<\/div>\n<\/div>\n\n\n\n<div class=\"wp-container-51 wp-block-columns\">\n<div class=\"wp-container-49 wp-block-column\">\n<h3><a href=\"https:\/\/ajl-asso.fr\/wp-content\/uploads\/sites\/4\/2022\/10\/37-MON-COPILOTE.pdf\" target=\"_blank\" rel=\"noreferrer noopener\">Fiche pratique : Mon copilote<\/a><\/h3>\n\n\n\n<p><strong>Auteur(s):<\/strong> CLIC<br><strong>Date:<\/strong> 2022&nbsp;\u2022 <strong>Type:<\/strong> PDF \u2022 <strong>Poids:<\/strong> 128 Ko<\/p>\n<\/div>\n\n\n\n<div class=\"wp-container-50 wp-block-column\">\n<h3><a href=\"https:\/\/ajl-asso.fr\/wp-content\/uploads\/sites\/4\/2022\/10\/38-PAM91.pdf\" target=\"_blank\" rel=\"noreferrer noopener\">Fiche pratique : PAM 91<\/a><\/h3>\n\n\n\n<p><strong>Auteur(s):<\/strong> CLIC<br><strong>Date:<\/strong> 2022&nbsp;\u2022 <strong>Type:<\/strong> PDF \u2022 <strong>Poids:<\/strong> 155 Ko<\/p>\n<\/div>\n<\/div>\n\n\n\n<div class=\"wp-container-54 wp-block-columns\">\n<div class=\"wp-container-52 wp-block-column\">\n<h3><a href=\"https:\/\/ajl-asso.fr\/wp-content\/uploads\/sites\/4\/2022\/10\/39-PASS-NAVIGO-AMETHYSTE.pdf\" target=\"_blank\" rel=\"noreferrer noopener\">Fiche pratique : Pass NAVIGO et forfait AMETHYSTE<\/a><\/h3>\n\n\n\n<p><strong>Auteur(s):<\/strong> CLIC<br><strong>Date:<\/strong> 2022&nbsp;\u2022 <strong>Type:<\/strong> PDF \u2022 <strong>Poids:<\/strong> 154 Ko<\/p>\n<\/div>\n\n\n\n<div class=\"wp-container-53 wp-block-column\">\n<h3><a href=\"https:\/\/ajl-asso.fr\/wp-content\/uploads\/sites\/4\/2022\/10\/40-PASS-LOCAL.pdf\" target=\"_blank\" rel=\"noreferrer noopener\">Fiche pratique : Pass&rsquo;local<\/a><\/h3>\n\n\n\n<p><strong>Auteur(s):<\/strong> CLIC<br><strong>Date:<\/strong> 2022&nbsp;\u2022 <strong>Type:<\/strong> PDF \u2022 <strong>Poids:<\/strong> 1 Mo<\/p>\n<\/div>\n<\/div>\n\n\n\n<div class=\"wp-container-57 wp-block-columns\">\n<div class=\"wp-container-55 wp-block-column\">\n<h3><a href=\"https:\/\/ajl-asso.fr\/wp-content\/uploads\/sites\/4\/2022\/10\/41-S-N-C-F.pdf\" target=\"_blank\" rel=\"noreferrer noopener\">Fiche pratique : SNCF<\/a><\/h3>\n\n\n\n<p><strong>Auteur(s):<\/strong> CLIC<br><strong>Date:<\/strong> 2022&nbsp;\u2022 <strong>Type:<\/strong> PDF \u2022 <strong>Poids:<\/strong> 146 Ko<\/p>\n<\/div>\n\n\n\n<div class=\"wp-container-56 wp-block-column\">\n<h3><a href=\"https:\/\/ajl-asso.fr\/wp-content\/uploads\/sites\/4\/2022\/10\/42-SORTIR-.pdf\" target=\"_blank\" rel=\"noreferrer noopener\">Fiche pratique : Sortir plus<\/a><\/h3>\n\n\n\n<p><strong>Auteur(s):<\/strong> CLIC<br><strong>Date:<\/strong> 2022&nbsp;\u2022 <strong>Type:<\/strong> PDF \u2022 <strong>Poids:<\/strong> 127 Ko<\/p>\n<\/div>\n<\/div>\n\n\n\n<div class=\"wp-container-60 wp-block-columns\">\n<div class=\"wp-container-58 wp-block-column\"><\/div>\n\n\n\n<div class=\"wp-container-59 wp-block-column\"><\/div>\n<\/div>\n","protected":false},"excerpt":{"rendered":"<p>Vous trouverez sur cette page des fiches pratiques \u00e0 t\u00e9l\u00e9charger destin\u00e9es \u00e0 vous informer et \u00e0 vous aider. Ces fiches sont class\u00e9es par cat\u00e9gories : Aidants \u2022&nbsp;Aides concernant le quotidien \u2022 Aides financi\u00e8res pour le maintien \u00e0 domicile \u2022 D\u00e9c\u00e8s \u2022 Diff\u00e9rents types de lieux de vie&nbsp;\u2022 Protection des personnes vuln\u00e9rables&nbsp;\u2022 Retraite \u2022 Sant\u00e9 \u2022 [&hellip;]<\/p>\n","protected":false},"author":13,"featured_media":0,"parent":1124,"menu_order":4,"comment_status":"closed","ping_status":"closed","template":"","meta":{"_coblocks_attr":"","_coblocks_dimensions":"","_coblocks_responsive_height":"","_coblocks_accordion_ie_support":""},"_links":{"self":[{"href":"https:\/\/ajl-asso.fr\/la-martiniere\/wp-json\/wp\/v2\/pages\/1192"}],"collection":[{"href":"https:\/\/ajl-asso.fr\/la-martiniere\/wp-json\/wp\/v2\/pages"}],"about":[{"href":"https:\/\/ajl-asso.fr\/la-martiniere\/wp-json\/wp\/v2\/types\/page"}],"author":[{"embeddable":true,"href":"https:\/\/ajl-asso.fr\/la-martiniere\/wp-json\/wp\/v2\/users\/13"}],"replies":[{"embeddable":true,"href":"https:\/\/ajl-asso.fr\/la-martiniere\/wp-json\/wp\/v2\/comments?post=1192"}],"version-history":[{"count":11,"href":"https:\/\/ajl-asso.fr\/la-martiniere\/wp-json\/wp\/v2\/pages\/1192\/revisions"}],"predecessor-version":[{"id":1304,"href":"https:\/\/ajl-asso.fr\/la-martiniere\/wp-json\/wp\/v2\/pages\/1192\/revisions\/1304"}],"up":[{"embeddable":true,"href":"https:\/\/ajl-asso.fr\/la-martiniere\/wp-json\/wp\/v2\/pages\/1124"}],"wp:attachment":[{"href":"https:\/\/ajl-asso.fr\/la-martiniere\/wp-json\/wp\/v2\/media?parent=1192"}],"curies":[{"name":"wp","href":"https:\/\/api.w.org\/{rel}","templated":true}]}}