{"id":25,"date":"2017-09-29T11:50:09","date_gmt":"2017-09-29T09:50:09","guid":{"rendered":"https:\/\/ajl-asso.fr\/la-martiniere\/?page_id=25"},"modified":"2025-08-26T15:09:26","modified_gmt":"2025-08-26T13:09:26","slug":"ehpad","status":"publish","type":"page","link":"https:\/\/ajl-asso.fr\/la-martiniere\/ehpad\/","title":{"rendered":"EHPAD"},"content":{"rendered":"<p><strong>PR\u00c9SENTATION<\/strong><\/p>\n<p>L\u2019\u00c9tablissement d\u2019H\u00e9bergement pour Personnes \u00c2g\u00e9es D\u00e9pendantes (EHPAD) La Martini\u00e8re est un \u00e9tablissement m\u00e9dico-social comptant 90 chambres individuelles r\u00e9parties en 62 places d&rsquo;EHPAD classique et 28 places en Unit\u00e9 de Vie Prot\u00e9g\u00e9e (UVP) destin\u00e9es \u00e0 recevoir des r\u00e9sidents atteints de la maladie d&rsquo;Alzheimer ou maladies apparent\u00e9es.<\/p>\n<p>La structure accueille des personnes \u00e2g\u00e9es de plus de 60 ans (<em>avec d\u00e9rogation d\u2019\u00e2ge, les personnes de moins de 60 ans peuvent \u00eatre accueillies<\/em>) pr\u00e9sentant&nbsp; un certain degr\u00e9 de perte d\u2019autonomie. Les r\u00e9sidents \u00e0 risque d\u2019errance ou de fugue sont orient\u00e9s dans l\u2019UVP. L\u2019accueil peut se faire pour des s\u00e9jours permanents et des s\u00e9jours temporaires.<\/p>\n<p>Disposant de personnels qualifi\u00e9s et de locaux agr\u00e9ables, l\u2019EHPAD est un lieu de vie pouvant assurer des soins, sans que ceux-ci soient l\u2019objectif prioritaire. Si une prise en charge hospitali\u00e8re s\u2019av\u00e9rait n\u00e9cessaire, elle sera envisag\u00e9e avec vous et vos proches sans vous \u00eatre impos\u00e9e. Notre priorit\u00e9 est de vous accompagner dans votre perte d\u2019autonomie tout en pr\u00e9servant votre dignit\u00e9, votre intimit\u00e9 et de favoriser le maintien de vos liens familiaux et sociaux.<\/p>\n<p>Le magazine \u00ab&nbsp;Que Choisir&nbsp;\u00bb de mars 2016 a class\u00e9 l\u2019EHPAD de la Martini\u00e8re \u00ab&nbsp;Tr\u00e8s bon&nbsp;\u00bb.<\/p>\n<p><a href=\"https:\/\/ajl-asso.fr\/wp-content\/uploads\/sites\/4\/2019\/12\/2020-Livret-daccueil-EHPAD.pdf\"><img loading=\"lazy\" class=\"alignnone wp-image-504\" src=\"https:\/\/ajl-asso.fr\/wp-content\/uploads\/sites\/4\/2018\/05\/Bouton-telechargement-livret-daccueil-300x57.png\" alt=\"\" width=\"247\" height=\"47\" srcset=\"https:\/\/ajl-asso.fr\/wp-content\/uploads\/sites\/4\/2018\/05\/Bouton-telechargement-livret-daccueil-300x57.png 300w, https:\/\/ajl-asso.fr\/wp-content\/uploads\/sites\/4\/2018\/05\/Bouton-telechargement-livret-daccueil.png 492w\" sizes=\"(max-width: 247px) 100vw, 247px\" \/><\/a><\/p>\n<p><a href=\"https:\/\/ajl-asso.fr\/wp-content\/uploads\/sites\/4\/2024\/10\/24-10-09-Annexe-completive-EHPAD.pdf\"><img loading=\"lazy\" class=\"alignnone wp-image-503\" src=\"https:\/\/ajl-asso.fr\/wp-content\/uploads\/sites\/4\/2018\/05\/Bouton-telechargement-annexe-completive-300x54.png\" alt=\"\" width=\"233\" height=\"42\" srcset=\"https:\/\/ajl-asso.fr\/wp-content\/uploads\/sites\/4\/2018\/05\/Bouton-telechargement-annexe-completive-300x54.png 300w, https:\/\/ajl-asso.fr\/wp-content\/uploads\/sites\/4\/2018\/05\/Bouton-telechargement-annexe-completive.png 476w\" sizes=\"(max-width: 233px) 100vw, 233px\" \/><\/a><\/p>\n","protected":false},"excerpt":{"rendered":"<p>PR\u00c9SENTATION L\u2019\u00c9tablissement d\u2019H\u00e9bergement pour Personnes \u00c2g\u00e9es D\u00e9pendantes (EHPAD) La Martini\u00e8re est un \u00e9tablissement m\u00e9dico-social comptant 90 chambres individuelles r\u00e9parties en 62 places d&rsquo;EHPAD classique et 28 places en Unit\u00e9 de Vie Prot\u00e9g\u00e9e (UVP) destin\u00e9es \u00e0 recevoir des r\u00e9sidents atteints de la maladie d&rsquo;Alzheimer ou maladies apparent\u00e9es. La structure accueille des personnes \u00e2g\u00e9es de plus de [&hellip;]<\/p>\n","protected":false},"author":1,"featured_media":146,"parent":0,"menu_order":0,"comment_status":"closed","ping_status":"closed","template":"pages-templates\/pages-boxes.php","meta":{"_coblocks_attr":"","_coblocks_dimensions":"","_coblocks_responsive_height":"","_coblocks_accordion_ie_support":""},"_links":{"self":[{"href":"https:\/\/ajl-asso.fr\/la-martiniere\/wp-json\/wp\/v2\/pages\/25"}],"collection":[{"href":"https:\/\/ajl-asso.fr\/la-martiniere\/wp-json\/wp\/v2\/pages"}],"about":[{"href":"https:\/\/ajl-asso.fr\/la-martiniere\/wp-json\/wp\/v2\/types\/page"}],"author":[{"embeddable":true,"href":"https:\/\/ajl-asso.fr\/la-martiniere\/wp-json\/wp\/v2\/users\/1"}],"replies":[{"embeddable":true,"href":"https:\/\/ajl-asso.fr\/la-martiniere\/wp-json\/wp\/v2\/comments?post=25"}],"version-history":[{"count":37,"href":"https:\/\/ajl-asso.fr\/la-martiniere\/wp-json\/wp\/v2\/pages\/25\/revisions"}],"predecessor-version":[{"id":1762,"href":"https:\/\/ajl-asso.fr\/la-martiniere\/wp-json\/wp\/v2\/pages\/25\/revisions\/1762"}],"wp:featuredmedia":[{"embeddable":true,"href":"https:\/\/ajl-asso.fr\/la-martiniere\/wp-json\/wp\/v2\/media\/146"}],"wp:attachment":[{"href":"https:\/\/ajl-asso.fr\/la-martiniere\/wp-json\/wp\/v2\/media?parent=25"}],"curies":[{"name":"wp","href":"https:\/\/api.w.org\/{rel}","templated":true}]}}