{"id":754,"date":"2021-01-14T12:25:11","date_gmt":"2021-01-14T11:25:11","guid":{"rendered":"https:\/\/ajl-asso.fr\/la-martiniere\/?page_id=754"},"modified":"2023-03-24T10:25:09","modified_gmt":"2023-03-24T09:25:09","slug":"quest-ce-que-lapa","status":"publish","type":"page","link":"https:\/\/ajl-asso.fr\/la-martiniere\/sport-sante\/quest-ce-que-lapa\/","title":{"rendered":"Qu&rsquo;est-ce que l&rsquo;APA ?"},"content":{"rendered":"<p>L\u2019Activit\u00e9 Physique Adapt\u00e9e est une discipline \u00e0 la crois\u00e9e du sport et de la sant\u00e9 qui utilise les activit\u00e9s physiques, sportives et artistiques \u00e0 des fins de pr\u00e9vention sant\u00e9, de\u00a0r\u00e9habilitation ou d\u2019insertion sociale.<\/p>\n<p>L\u2019enseignant en APA (EAPA) m\u00eale sa ma\u00eetrise des activit\u00e9s enseign\u00e9es \u00e0 ses connaissances des diff\u00e9rentes pathologies pour adapter son intervention aux capacit\u00e9s et aux attentes de la personne. En plus d\u2019am\u00e9liorer sa sant\u00e9, la personne peut, gr\u00e2ce aux situations propos\u00e9es, comprendre davantage les cons\u00e9quences de sa pathologie et ainsi mieux la g\u00e9rer au quotidien. Cette pratique s\u2019adresse et s\u2019adapte \u00e0 chacun, loin des enjeux de performances et d\u2019esth\u00e9tiques sportives.<\/p>\n","protected":false},"excerpt":{"rendered":"<p>L\u2019Activit\u00e9 Physique Adapt\u00e9e est une discipline \u00e0 la crois\u00e9e du sport et de la sant\u00e9 qui utilise les activit\u00e9s physiques, sportives et artistiques \u00e0 des fins de pr\u00e9vention sant\u00e9, de\u00a0r\u00e9habilitation ou d\u2019insertion sociale. L\u2019enseignant en APA (EAPA) m\u00eale sa ma\u00eetrise des activit\u00e9s enseign\u00e9es \u00e0 ses connaissances des diff\u00e9rentes pathologies pour adapter son intervention aux capacit\u00e9s [&hellip;]<\/p>\n","protected":false},"author":13,"featured_media":0,"parent":752,"menu_order":1,"comment_status":"closed","ping_status":"closed","template":"","meta":{"_coblocks_attr":"","_coblocks_dimensions":"","_coblocks_responsive_height":"","_coblocks_accordion_ie_support":""},"_links":{"self":[{"href":"https:\/\/ajl-asso.fr\/la-martiniere\/wp-json\/wp\/v2\/pages\/754"}],"collection":[{"href":"https:\/\/ajl-asso.fr\/la-martiniere\/wp-json\/wp\/v2\/pages"}],"about":[{"href":"https:\/\/ajl-asso.fr\/la-martiniere\/wp-json\/wp\/v2\/types\/page"}],"author":[{"embeddable":true,"href":"https:\/\/ajl-asso.fr\/la-martiniere\/wp-json\/wp\/v2\/users\/13"}],"replies":[{"embeddable":true,"href":"https:\/\/ajl-asso.fr\/la-martiniere\/wp-json\/wp\/v2\/comments?post=754"}],"version-history":[{"count":7,"href":"https:\/\/ajl-asso.fr\/la-martiniere\/wp-json\/wp\/v2\/pages\/754\/revisions"}],"predecessor-version":[{"id":1408,"href":"https:\/\/ajl-asso.fr\/la-martiniere\/wp-json\/wp\/v2\/pages\/754\/revisions\/1408"}],"up":[{"embeddable":true,"href":"https:\/\/ajl-asso.fr\/la-martiniere\/wp-json\/wp\/v2\/pages\/752"}],"wp:attachment":[{"href":"https:\/\/ajl-asso.fr\/la-martiniere\/wp-json\/wp\/v2\/media?parent=754"}],"curies":[{"name":"wp","href":"https:\/\/api.w.org\/{rel}","templated":true}]}}