{"id":158,"date":"2017-10-16T16:44:47","date_gmt":"2017-10-16T14:44:47","guid":{"rendered":"https:\/\/ajl-asso.fr\/lachenaud\/?page_id=158"},"modified":"2023-04-26T10:55:18","modified_gmt":"2023-04-26T08:55:18","slug":"visite","status":"publish","type":"page","link":"https:\/\/ajl-asso.fr\/lachenaud\/ehpad\/visite\/","title":{"rendered":"Visite"},"content":{"rendered":"<p>Notre Etablissement d\u2019H\u00e9bergement pour Personnes Ag\u00e9es (EHPAD) \u2013 r\u00e9cemment r\u00e9nov\u00e9 \u2013 compte 40 chambres individuelles m\u00e9dicalis\u00e9es.<\/p>\n<p>Il dispose d\u2019un\u00a0<strong>PASA (P\u00f4le d\u2019Activit\u00e9s et de Soins Adapt\u00e9s)<\/strong>\u00a0qui accueille dans la journ\u00e9e les r\u00e9sidents : le but \u00e9tant de leur proposer des activit\u00e9s sociales et th\u00e9rapeutiques, individuelles ou collectives, afin de maintenir leurs capacit\u00e9s fonctionnelles, cognitives et leurs liens sociaux.<\/p>\n<p>Notre EHPAD compte \u00e9galement :<\/p>\n<ul>\n<li>une\u00a0<strong>Unit\u00e9 Prot\u00e9g\u00e9e (UP)<\/strong>\u00a0accueillant 14 personnes de plus de 60 ans, souffrant de la maladie d\u2019Alzheimer ou d\u2019un trouble apparent\u00e9.<\/li>\n<li>une\u00a0<strong>Unit\u00e9 d\u2019H\u00e9bergement Renforc\u00e9e (UHR)<\/strong> accueillant 14 r\u00e9sidents, qui propose une prise en charge compl\u00e8te (h\u00e9bergement, soins, activit\u00e9s sociales et th\u00e9rapeutiques) des personnes \u00e2g\u00e9es atteintes d\u2019une maladie d\u2019Alzheimer, \u00e0 un stade relativement avanc\u00e9.<\/li>\n<\/ul>\n","protected":false},"excerpt":{"rendered":"<p>Notre Etablissement d\u2019H\u00e9bergement pour Personnes Ag\u00e9es (EHPAD) \u2013 r\u00e9cemment r\u00e9nov\u00e9 \u2013 compte 40 chambres individuelles m\u00e9dicalis\u00e9es. Il dispose d\u2019un\u00a0PASA (P\u00f4le d\u2019Activit\u00e9s et de Soins Adapt\u00e9s)\u00a0qui accueille dans la journ\u00e9e les r\u00e9sidents : le but \u00e9tant de leur proposer des activit\u00e9s sociales et th\u00e9rapeutiques, individuelles ou collectives, afin de maintenir leurs capacit\u00e9s fonctionnelles, cognitives et leurs [&hellip;]<\/p>\n","protected":false},"author":1,"featured_media":0,"parent":61,"menu_order":0,"comment_status":"closed","ping_status":"closed","template":"pages-templates\/pages-boxes.php","meta":{"_coblocks_attr":"","_coblocks_dimensions":"","_coblocks_responsive_height":"","_coblocks_accordion_ie_support":""},"_links":{"self":[{"href":"https:\/\/ajl-asso.fr\/lachenaud\/wp-json\/wp\/v2\/pages\/158"}],"collection":[{"href":"https:\/\/ajl-asso.fr\/lachenaud\/wp-json\/wp\/v2\/pages"}],"about":[{"href":"https:\/\/ajl-asso.fr\/lachenaud\/wp-json\/wp\/v2\/types\/page"}],"author":[{"embeddable":true,"href":"https:\/\/ajl-asso.fr\/lachenaud\/wp-json\/wp\/v2\/users\/1"}],"replies":[{"embeddable":true,"href":"https:\/\/ajl-asso.fr\/lachenaud\/wp-json\/wp\/v2\/comments?post=158"}],"version-history":[{"count":12,"href":"https:\/\/ajl-asso.fr\/lachenaud\/wp-json\/wp\/v2\/pages\/158\/revisions"}],"predecessor-version":[{"id":1736,"href":"https:\/\/ajl-asso.fr\/lachenaud\/wp-json\/wp\/v2\/pages\/158\/revisions\/1736"}],"up":[{"embeddable":true,"href":"https:\/\/ajl-asso.fr\/lachenaud\/wp-json\/wp\/v2\/pages\/61"}],"wp:attachment":[{"href":"https:\/\/ajl-asso.fr\/lachenaud\/wp-json\/wp\/v2\/media?parent=158"}],"curies":[{"name":"wp","href":"https:\/\/api.w.org\/{rel}","templated":true}]}}